{"id":1554,"date":"2025-06-11T12:18:33","date_gmt":"2025-06-11T15:18:33","guid":{"rendered":"https:\/\/larioja.edu.ar\/?page_id=1554"},"modified":"2025-06-18T10:36:45","modified_gmt":"2025-06-18T13:36:45","slug":"rvp","status":"publish","type":"page","link":"https:\/\/larioja.edu.ar\/index.php\/rvp\/","title":{"rendered":"Plan Rosario Vera Pe\u00f1aloza"},"content":{"rendered":"\t\t<div data-elementor-type=\"wp-page\" data-elementor-id=\"1554\" class=\"elementor elementor-1554\" data-elementor-post-type=\"page\">\n\t\t\t\t<div class=\"elementor-element elementor-element-1411dff e-flex e-con-boxed e-con e-parent\" data-id=\"1411dff\" data-element_type=\"container\" data-e-type=\"container\">\n\t\t\t\t\t<div class=\"e-con-inner\">\n\t\t\t\t<div class=\"elementor-element elementor-element-fae322e elementor-widget elementor-widget-spacer\" data-id=\"fae322e\" data-element_type=\"widget\" data-e-type=\"widget\" data-widget_type=\"spacer.default\">\n\t\t\t\t<div class=\"elementor-widget-container\">\n\t\t\t\t\t\t\t<div class=\"elementor-spacer\">\n\t\t\t<div class=\"elementor-spacer-inner\"><\/div>\n\t\t<\/div>\n\t\t\t\t\t\t<\/div>\n\t\t\t\t<\/div>\n\t\t\t\t<div class=\"elementor-element elementor-element-84c613d elementor-widget elementor-widget-text-editor\" data-id=\"84c613d\" data-element_type=\"widget\" data-e-type=\"widget\" data-widget_type=\"text-editor.default\">\n\t\t\t\t<div class=\"elementor-widget-container\">\n\t\t\t\t\t\t\t\t\t<h3 style=\"text-align: center;\"><strong>Sobre el Plan<\/strong><\/h3>\t\t\t\t\t\t\t\t<\/div>\n\t\t\t\t<\/div>\n\t\t\t\t\t<\/div>\n\t\t\t\t<\/div>\n\t\t<div class=\"elementor-element elementor-element-69ae3322 e-flex e-con-boxed e-con e-parent\" data-id=\"69ae3322\" data-element_type=\"container\" data-e-type=\"container\">\n\t\t\t\t\t<div class=\"e-con-inner\">\n\t\t\t\t<div class=\"elementor-element elementor-element-38ca6f3b elementor-widget elementor-widget-text-editor\" data-id=\"38ca6f3b\" data-element_type=\"widget\" data-e-type=\"widget\" data-widget_type=\"text-editor.default\">\n\t\t\t\t<div class=\"elementor-widget-container\">\n\t\t\t\t\t\t\t\t\t\n<blockquote class=\"wp-block-quote\">\n<p><br \/>Las l\u00edneas estrat\u00e9gicas contempladas en el Plan Rosario Vera Pe\u00f1aloza 2023-2027, aprobado mediante <strong>Resoluci\u00f3n Ministerial N.\u00ba 0057\/24<br \/><br \/><\/strong><\/p>\n<\/blockquote>\n\n<p><\/p>\n\n<p><span>Este plan constituye un marco pol\u00edtico e institucional para los pr\u00f3ximos cuatro a\u00f1os, con el objetivo de consolidar pol\u00edticas educativas que garanticen:<\/span><\/p>\n\t\t\t\t\t\t\t\t<\/div>\n\t\t\t\t<\/div>\n\t\t\t\t\t<\/div>\n\t\t\t\t<\/div>\n\t\t<div class=\"elementor-element elementor-element-5b92264e e-con-full e-flex e-con e-parent\" data-id=\"5b92264e\" data-element_type=\"container\" data-e-type=\"container\" data-settings=\"{&quot;background_background&quot;:&quot;classic&quot;}\">\n\t\t<div class=\"elementor-element elementor-element-2de45a5 e-con-full e-flex e-con e-child\" data-id=\"2de45a5\" data-element_type=\"container\" data-e-type=\"container\">\n\t\t\t\t<\/div>\n\t\t\t\t<\/div>\n\t\t<div class=\"elementor-element elementor-element-7b2a015 e-con-full e-flex e-con e-parent\" data-id=\"7b2a015\" data-element_type=\"container\" data-e-type=\"container\" data-settings=\"{&quot;background_background&quot;:&quot;classic&quot;}\">\n\t\t<div class=\"elementor-element elementor-element-946f3e e-con-full e-flex e-con e-child\" data-id=\"946f3e\" data-element_type=\"container\" data-e-type=\"container\">\n\t\t\t\t<div class=\"elementor-element elementor-element-dc9c300 elementor-widget elementor-widget-text-editor\" data-id=\"dc9c300\" data-element_type=\"widget\" data-e-type=\"widget\" data-widget_type=\"text-editor.default\">\n\t\t\t\t<div class=\"elementor-widget-container\">\n\t\t\t\t\t\t\t\t\t<p>El derecho a la educaci\u00f3n de todas y todos los riojanos, concebida como un bien p\u00fablico invaluable y una herramienta fundamental para alcanzar una justicia social verdaderamente inclusiva.<\/p>\n<p>Un federalismo educativo cooperativo y no centralizado, que organiza y gobierna el sistema provincial reconociendo las fortalezas, identidades y particularidades de cada regi\u00f3n educativa, valorando sus procesos \u00fanicos de apropiaci\u00f3n de las pol\u00edticas educativas.<\/p>\n<p>La renovaci\u00f3n pedag\u00f3gica de la propuesta escolar, impulsada desde una perspectiva sist\u00e9mica, situada y sensible al contexto.<\/p>\t\t\t\t\t\t\t\t<\/div>\n\t\t\t\t<\/div>\n\t\t\t\t<\/div>\n\t\t<div class=\"elementor-element elementor-element-46c6b78f e-con-full e-flex e-con e-child\" data-id=\"46c6b78f\" data-element_type=\"container\" data-e-type=\"container\">\n\t\t\t\t<div class=\"elementor-element elementor-element-7e917d08 elementor-widget elementor-widget-image\" data-id=\"7e917d08\" data-element_type=\"widget\" data-e-type=\"widget\" data-widget_type=\"image.default\">\n\t\t\t\t<div class=\"elementor-widget-container\">\n\t\t\t\t\t\t\t\t\t\t\t\t\t\t\t<img fetchpriority=\"high\" decoding=\"async\" width=\"750\" height=\"500\" src=\"https:\/\/larioja.edu.ar\/wp-content\/uploads\/2025\/06\/RVP_imagenes1.webp\" class=\"attachment-large size-large wp-image-1594\" alt=\"\" srcset=\"https:\/\/larioja.edu.ar\/wp-content\/uploads\/2025\/06\/RVP_imagenes1.webp 900w, https:\/\/larioja.edu.ar\/wp-content\/uploads\/2025\/06\/RVP_imagenes1-300x200.webp 300w, https:\/\/larioja.edu.ar\/wp-content\/uploads\/2025\/06\/RVP_imagenes1-768x512.webp 768w, https:\/\/larioja.edu.ar\/wp-content\/uploads\/2025\/06\/RVP_imagenes1-360x240.webp 360w\" sizes=\"(max-width: 750px) 100vw, 750px\" \/>\t\t\t\t\t\t\t\t\t\t\t\t\t\t\t<\/div>\n\t\t\t\t<\/div>\n\t\t\t\t<\/div>\n\t\t\t\t<\/div>\n\t\t<div class=\"elementor-element elementor-element-3acb1181 e-con-full e-flex e-con e-parent\" data-id=\"3acb1181\" data-element_type=\"container\" data-e-type=\"container\" data-settings=\"{&quot;background_background&quot;:&quot;classic&quot;}\">\n\t\t<div class=\"elementor-element elementor-element-78573317 e-con-full e-flex e-con e-child\" data-id=\"78573317\" data-element_type=\"container\" data-e-type=\"container\">\n\t\t\t\t<div class=\"elementor-element elementor-element-69739d8b elementor-widget elementor-widget-text-editor\" data-id=\"69739d8b\" data-element_type=\"widget\" data-e-type=\"widget\" data-widget_type=\"text-editor.default\">\n\t\t\t\t<div class=\"elementor-widget-container\">\n\t\t\t\t\t\t\t\t\t<p>La ampliaci\u00f3n de los espacios de participaci\u00f3n de las comunidades educativas y de la ciudadan\u00eda en general, con el fin de afianzar un modelo educativo democr\u00e1tico, justo e inclusivo, que abrace las diversidades y diferencias.<\/p>\n<p><\/p>\n<p>El desarrollo equitativo de los territorios riojanos, promovido a trav\u00e9s de pol\u00edticas educativas que interpreten de forma atenta, cr\u00edtica y contextualizada las heterogeneidades y desigualdades locales y regionales, priorizando la atenci\u00f3n a los sectores m\u00e1s vulnerables.<\/p>\n<p><\/p>\n<p><\/p>\t\t\t\t\t\t\t\t<\/div>\n\t\t\t\t<\/div>\n\t\t\t\t<\/div>\n\t\t<div class=\"elementor-element elementor-element-55ee1d3a e-con-full e-flex e-con e-child\" data-id=\"55ee1d3a\" data-element_type=\"container\" data-e-type=\"container\">\n\t\t\t\t<div class=\"elementor-element elementor-element-18c5bd8e elementor-widget elementor-widget-image\" data-id=\"18c5bd8e\" data-element_type=\"widget\" data-e-type=\"widget\" data-widget_type=\"image.default\">\n\t\t\t\t<div class=\"elementor-widget-container\">\n\t\t\t\t\t\t\t\t\t\t\t\t\t\t\t<img decoding=\"async\" width=\"750\" height=\"500\" src=\"https:\/\/larioja.edu.ar\/wp-content\/uploads\/2025\/06\/RVP_Imagenes3.webp\" class=\"attachment-large size-large wp-image-1596\" alt=\"\" srcset=\"https:\/\/larioja.edu.ar\/wp-content\/uploads\/2025\/06\/RVP_Imagenes3.webp 770w, https:\/\/larioja.edu.ar\/wp-content\/uploads\/2025\/06\/RVP_Imagenes3-300x200.webp 300w, https:\/\/larioja.edu.ar\/wp-content\/uploads\/2025\/06\/RVP_Imagenes3-768x512.webp 768w, https:\/\/larioja.edu.ar\/wp-content\/uploads\/2025\/06\/RVP_Imagenes3-360x240.webp 360w\" sizes=\"(max-width: 750px) 100vw, 750px\" \/>\t\t\t\t\t\t\t\t\t\t\t\t\t\t\t<\/div>\n\t\t\t\t<\/div>\n\t\t\t\t<\/div>\n\t\t\t\t<\/div>\n\t\t<div class=\"elementor-element elementor-element-bd66d0b e-con-full e-flex e-con e-parent\" data-id=\"bd66d0b\" data-element_type=\"container\" data-e-type=\"container\" data-settings=\"{&quot;background_background&quot;:&quot;classic&quot;}\">\n\t\t<div class=\"elementor-element elementor-element-1bf787d0 e-con-full e-flex e-con e-child\" data-id=\"1bf787d0\" data-element_type=\"container\" data-e-type=\"container\">\n\t\t\t\t<div class=\"elementor-element elementor-element-72a9194b elementor-widget elementor-widget-text-editor\" data-id=\"72a9194b\" data-element_type=\"widget\" data-e-type=\"widget\" data-widget_type=\"text-editor.default\">\n\t\t\t\t<div class=\"elementor-widget-container\">\n\t\t\t\t\t\t\t\t\t<p>La formaci\u00f3n integral de los sujetos, entendida como un proceso continuo, participativo y en permanente construcci\u00f3n, que reconoce la diversidad de trayectorias y contextos.<\/p>\n<p>La incorporaci\u00f3n reflexiva y progresiva de la innovaci\u00f3n pedag\u00f3gica y tecnol\u00f3gica, capitalizando las experiencias y aprendizajes de programas y pol\u00edticas jurisdiccionales previas, identificando \u00e1reas a\u00fan no abordadas, e impulsando propuestas que articulen sujetos, saberes, procesos y tecnolog\u00edas desde una mirada inclusiva.<\/p>\n<p>El fortalecimiento del sistema educativo en su conjunto, organizaci\u00f3n, funcionamiento, instituciones y recursos como base indispensable para sostener las transformaciones necesarias.<\/p>\t\t\t\t\t\t\t\t<\/div>\n\t\t\t\t<\/div>\n\t\t\t\t<\/div>\n\t\t<div class=\"elementor-element elementor-element-7cfd84df e-con-full e-flex e-con e-child\" data-id=\"7cfd84df\" data-element_type=\"container\" data-e-type=\"container\">\n\t\t\t\t<div class=\"elementor-element elementor-element-5155098f elementor-widget elementor-widget-image\" data-id=\"5155098f\" data-element_type=\"widget\" data-e-type=\"widget\" data-widget_type=\"image.default\">\n\t\t\t\t<div class=\"elementor-widget-container\">\n\t\t\t\t\t\t\t\t\t\t\t\t\t\t\t<img decoding=\"async\" width=\"750\" height=\"611\" src=\"https:\/\/larioja.edu.ar\/wp-content\/uploads\/2025\/06\/RVP_Imagenes2-1024x834.jpg\" class=\"attachment-large size-large wp-image-1595\" alt=\"\" srcset=\"https:\/\/larioja.edu.ar\/wp-content\/uploads\/2025\/06\/RVP_Imagenes2-1024x834.jpg 1024w, https:\/\/larioja.edu.ar\/wp-content\/uploads\/2025\/06\/RVP_Imagenes2-300x244.jpg 300w, https:\/\/larioja.edu.ar\/wp-content\/uploads\/2025\/06\/RVP_Imagenes2-768x626.jpg 768w, https:\/\/larioja.edu.ar\/wp-content\/uploads\/2025\/06\/RVP_Imagenes2.jpg 1080w\" sizes=\"(max-width: 750px) 100vw, 750px\" \/>\t\t\t\t\t\t\t\t\t\t\t\t\t\t\t<\/div>\n\t\t\t\t<\/div>\n\t\t\t\t<\/div>\n\t\t\t\t<\/div>\n\t\t<div class=\"elementor-element elementor-element-4450ff5 e-flex e-con-boxed e-con e-parent\" data-id=\"4450ff5\" data-element_type=\"container\" data-e-type=\"container\">\n\t\t\t\t\t<div class=\"e-con-inner\">\n\t\t\t\t<div class=\"elementor-element elementor-element-66c309b elementor-widget elementor-widget-spacer\" data-id=\"66c309b\" data-element_type=\"widget\" data-e-type=\"widget\" data-widget_type=\"spacer.default\">\n\t\t\t\t<div class=\"elementor-widget-container\">\n\t\t\t\t\t\t\t<div class=\"elementor-spacer\">\n\t\t\t<div class=\"elementor-spacer-inner\"><\/div>\n\t\t<\/div>\n\t\t\t\t\t\t<\/div>\n\t\t\t\t<\/div>\n\t\t\t\t\t<\/div>\n\t\t\t\t<\/div>\n\t\t\t\t<\/div>\n\t\t","protected":false},"excerpt":{"rendered":"<p>Sobre el Plan Las l\u00edneas estrat\u00e9gicas contempladas en el Plan Rosario Vera Pe\u00f1aloza 2023-2027, aprobado mediante Resoluci\u00f3n Ministerial N.\u00ba 0057\/24 Este plan constituye un marco pol\u00edtico e institucional para los pr\u00f3ximos cuatro a\u00f1os, con el objetivo de consolidar pol\u00edticas educativas que garanticen: El derecho a la educaci\u00f3n de todas y [&hellip;]<\/p>\n","protected":false},"author":2,"featured_media":0,"parent":0,"menu_order":0,"comment_status":"closed","ping_status":"closed","template":"page-templates\/template-fullwidth.php","meta":{"_themeisle_gutenberg_block_has_review":false,"footnotes":""},"class_list":["post-1554","page","type-page","status-publish","hentry"],"_links":{"self":[{"href":"https:\/\/larioja.edu.ar\/index.php\/wp-json\/wp\/v2\/pages\/1554","targetHints":{"allow":["GET"]}}],"collection":[{"href":"https:\/\/larioja.edu.ar\/index.php\/wp-json\/wp\/v2\/pages"}],"about":[{"href":"https:\/\/larioja.edu.ar\/index.php\/wp-json\/wp\/v2\/types\/page"}],"author":[{"embeddable":true,"href":"https:\/\/larioja.edu.ar\/index.php\/wp-json\/wp\/v2\/users\/2"}],"replies":[{"embeddable":true,"href":"https:\/\/larioja.edu.ar\/index.php\/wp-json\/wp\/v2\/comments?post=1554"}],"version-history":[{"count":44,"href":"https:\/\/larioja.edu.ar\/index.php\/wp-json\/wp\/v2\/pages\/1554\/revisions"}],"predecessor-version":[{"id":1779,"href":"https:\/\/larioja.edu.ar\/index.php\/wp-json\/wp\/v2\/pages\/1554\/revisions\/1779"}],"wp:attachment":[{"href":"https:\/\/larioja.edu.ar\/index.php\/wp-json\/wp\/v2\/media?parent=1554"}],"curies":[{"name":"wp","href":"https:\/\/api.w.org\/{rel}","templated":true}]}}